{"id":1306,"date":"2015-09-03T12:23:00","date_gmt":"2015-09-03T15:23:00","guid":{"rendered":"https:\/\/www.ci.ufpb.br\/lavid\/?post_type=projetos&#038;p=1306"},"modified":"2025-08-08T12:25:06","modified_gmt":"2025-08-08T15:25:06","slug":"eedtv-virtualabtv","status":"publish","type":"projetos","link":"https:\/\/www.ci.ufpb.br\/lavid\/projetos\/eedtv-virtualabtv\/","title":{"rendered":"EEDTV\/VirtuaLabTV"},"content":{"rendered":"\n<h4 class=\"wp-block-heading\">Esta\u00e7\u00e3o-Escola de TV Digital\/VirtuaLabTV<\/h4>\n\n\n<div class=\"wp-block-image\">\n<figure class=\"alignright size-full\"><img loading=\"lazy\" decoding=\"async\" width=\"200\" height=\"131\" src=\"https:\/\/www.ci.ufpb.br\/lavid\/wp-content\/uploads\/sites\/139\/sites\/145\/2025\/08\/VirtuallabTV.jpg\" alt=\"\" class=\"wp-image-1307\"\/><\/figure>\n<\/div>\n\n\n<p>Projeto aprovado no edital XPTA.LAB (Programa Laborat\u00f3ios de Experimenta\u00e7\u00e3o e Pesquisa em Tecnologias Audiovisuais) e financiado pelo Minist\u00e9rio da Cultura. O objetivo principal desse projeto de excel\u00eancia \u00e9 a forma\u00e7\u00e3o de uma rede distribu\u00edda e colaborativa de produ\u00e7\u00e3o de programas para televis\u00e3o digital interativa.<\/p>\n\n\n\n<p>Esta rede ser\u00e1 montada com base no compartilhamento da infra-estrutura f\u00edsica e equipamentos dispon\u00edveis em uma Esta\u00e7\u00e3o-Escola de Televis\u00e3o Digital. Para viabilizar tal compartilhamento ser\u00e1 desenvolvida uma ferramenta que viabilizar\u00e1 o uso remoto e compartilhado dos equipamentos da EETVD.&nbsp;Esta ferramenta ser\u00e1 o VirtuaLabTV que ser\u00e1 uma esp\u00e9cie de laborat\u00f3rio virtual para testes a dist\u00e2ncia de conte\u00fados audiovisuais interativos. Essa ferramenta configurar\u00e1 os equipamentos de transmiss\u00e3o e recep\u00e7\u00e3o e reproduzir\u00e1 as intera\u00e7\u00f5es do usu\u00e1rio no ambiente real, al\u00e9m de mostrar ao usu\u00e1rio o conte\u00fado sendo executado no ambiente real, tudo isso de forma simples e remota.<\/p>\n\n\n\n<p>Al\u00e9m da EETVD e do VirtualLabTV, a rede utilizar\u00e1 tamb\u00e9m ferramentas para interc\u00e2mbio e transmiss\u00e3o de v\u00eddeo digital via Internet desenvolvidas no LAVID.<\/p>\n\n\n\n<p>O EEDTV\/VirtuaLabTV tamb\u00e9m coordena 12 projetos consorciados que far\u00e3o os testes para a ferramenta desenvolvendo e testando 11 programas audiovisuais interativos.<\/p>\n\n\n\n<p><strong>PROJETOS CONSORCIADOS:<\/strong><\/p>\n\n\n\n<p>1: Pont\u00e3o de Cultura Rede Nordestina Audiovisual_RNA \u2013 Jo\u00e3o Pessoa (PB)<br>2: N\u00facleo de Produ\u00e7\u00e3o Digital \u2013 Fortaleza (CE)<br>3: N\u00facleo de Produ\u00e7\u00e3o Digital \u2013 Aracaj\u00fa (SE)<br>4: N\u00facleo de Produ\u00e7\u00e3o Digital \u2013 Bel\u00e9m (PA)<br>5: N\u00facleo de Produ\u00e7\u00e3o Digital \u2013 Rio Branco (AC)<br>6: Associa\u00e7\u00e3o Baiana de Cinema e V\u00eddeo \/ ABD-BA \u2013 Salvador (BA)<br>7: Funda\u00e7\u00e3o Aperip\u00ea de Sergipe \u2013 Aracaj\u00fa (SE)<br>8: TV UFMA \u2013 S\u00e3o Luis (MA)<br>9: Associa\u00e7\u00e3o Brasileira de Documentarista \u2013 ABD\/PB Jo\u00e3o Pessoa (PB)<br>10: N\u00facleo de Produ\u00e7\u00e3o Digital \u2013 NPD Teresina (PI)<br>11: Ponto de Cultura \/ ONG Ide\u00e1rio Comunica\u00e7\u00e3o Cultura e Educa\u00e7\u00e3o Popular Macei\u00f3 (AL)<br>12: Ponto de Cultura \/ ONG Galeria ZooN de Fotografia \u2013 Natal (RN)<\/p>\n\n\n\n<p><strong>In\u00edcio:<\/strong>&nbsp;Dezembro de 2009<br><strong>Fim:<\/strong>&nbsp;Abril de 2011<\/p>\n\n\n\n<p><strong>\u00c1rea de Pesquisa:<\/strong>\u00a0<a href=\"https:\/\/www.ci.ufpb.br\/lavid\/area\/tv-digital\/\" data-type=\"area\" data-id=\"28\">TV Digital<\/a><\/p>\n\n\n\n<p><strong>Website:<\/strong>&nbsp;<a href=\"http:\/\/virtualabtv.lavid.ufpb.br\/\">http:\/\/virtualabtv.lavid.ufpb.br\/<\/a><\/p>\n","protected":false},"excerpt":{"rendered":"<p>Esta\u00e7\u00e3o-Escola de TV Digital\/VirtuaLabTV<\/p>\n","protected":false},"template":"","meta":{"_acf_changed":false},"area":[28],"estado":[],"class_list":["post-1306","projetos","type-projetos","status-publish","hentry","area-tv-digital"],"acf":[],"_links":{"self":[{"href":"https:\/\/www.ci.ufpb.br\/lavid\/wp-json\/wp\/v2\/projetos\/1306","targetHints":{"allow":["GET"]}}],"collection":[{"href":"https:\/\/www.ci.ufpb.br\/lavid\/wp-json\/wp\/v2\/projetos"}],"about":[{"href":"https:\/\/www.ci.ufpb.br\/lavid\/wp-json\/wp\/v2\/types\/projetos"}],"wp:attachment":[{"href":"https:\/\/www.ci.ufpb.br\/lavid\/wp-json\/wp\/v2\/media?parent=1306"}],"wp:term":[{"taxonomy":"area","embeddable":true,"href":"https:\/\/www.ci.ufpb.br\/lavid\/wp-json\/wp\/v2\/area?post=1306"},{"taxonomy":"estado","embeddable":true,"href":"https:\/\/www.ci.ufpb.br\/lavid\/wp-json\/wp\/v2\/estado?post=1306"}],"curies":[{"name":"wp","href":"https:\/\/api.w.org\/{rel}","templated":true}]}}