{"id":1476,"date":"2026-01-15T10:43:07","date_gmt":"2026-01-15T13:43:07","guid":{"rendered":"https:\/\/www.ci.ufpb.br\/lavid\/?post_type=edital&#038;p=1476"},"modified":"2026-04-14T12:01:13","modified_gmt":"2026-04-14T15:01:13","slug":"edital-01-2026","status":"publish","type":"edital","link":"https:\/\/www.ci.ufpb.br\/lavid\/edital\/edital-01-2026\/","title":{"rendered":"EDITAL N\u00ba 01\/2026 &#8211; PROCESSO SELETIVO PARA ESTUDANTES DO VLIBRAS"},"content":{"rendered":"\n<p>N\u00facleo de Pesquisa e Extens\u00e3o LAVID do Centro de Inform\u00e1tica da Universidade Federal da Para\u00edba (LAVID\/CI\/UFPB), torna p\u00fablico o Processo Seletivo para preenchimento de Vagas e Cadastro Reserva de Estudantes para atua\u00e7\u00e3o no projeto &#8220;Estudo e Investiga\u00e7\u00e3o sobre Melhorias da Naturalidade, Expressividade e Qualidade de Tradu\u00e7\u00e3o do Vlibras&#8221;<\/p>\n\n\n\n<p><a href=\"https:\/\/drive.google.com\/file\/d\/1wQ_CPDo0HerqW0TsLhZ3NdpEZ_8Z4P9J\/view?usp=sharing\" target=\"_blank\" rel=\"noreferrer noopener\"><strong>EDITAL DE ABERTURA<\/strong><\/a><\/p>\n\n\n\n<p><a href=\"https:\/\/drive.google.com\/file\/d\/15ZtnZUkFrCoG6IPHLkRx1K8PWg2Z19eK\/view?usp=sharing\"><strong>RESULTADO DA 1\u00b0 FASE<\/strong><\/a><\/p>\n\n\n\n<p><strong><a href=\"https:\/\/sipac.ufpb.br\/public\/jsp\/documentos\/documento_visualizacao.jsf?idDoc=4858050\">RESULTADO DA 2\u00b0 FASE<\/a><\/strong><\/p>\n\n\n\n<p><strong><a href=\"https:\/\/drive.google.com\/file\/d\/1uwHWzNCTYV0_HSrbFn-bCnFdkDfXybiJ\/view?usp=drive_link\" target=\"_blank\" rel=\"noreferrer noopener\">RESULTADO FINAL<\/a><\/strong><\/p>\n\n\n\n<p><\/p>\n","protected":false},"excerpt":{"rendered":"<p>N\u00facleo de Pesquisa e Extens\u00e3o LAVID do Centro de Inform\u00e1tica da Universidade Federal da Para\u00edba [&hellip;]<\/p>\n","protected":false},"featured_media":0,"template":"","meta":{"_acf_changed":false,"footnotes":""},"tags":[],"edital_type":[],"class_list":["post-1476","edital","type-edital","status-publish","hentry"],"acf":[],"_links":{"self":[{"href":"https:\/\/www.ci.ufpb.br\/lavid\/wp-json\/wp\/v2\/edital\/1476","targetHints":{"allow":["GET"]}}],"collection":[{"href":"https:\/\/www.ci.ufpb.br\/lavid\/wp-json\/wp\/v2\/edital"}],"about":[{"href":"https:\/\/www.ci.ufpb.br\/lavid\/wp-json\/wp\/v2\/types\/edital"}],"version-history":[{"count":1,"href":"https:\/\/www.ci.ufpb.br\/lavid\/wp-json\/wp\/v2\/edital\/1476\/revisions"}],"predecessor-version":[{"id":1562,"href":"https:\/\/www.ci.ufpb.br\/lavid\/wp-json\/wp\/v2\/edital\/1476\/revisions\/1562"}],"wp:attachment":[{"href":"https:\/\/www.ci.ufpb.br\/lavid\/wp-json\/wp\/v2\/media?parent=1476"}],"wp:term":[{"taxonomy":"post_tag","embeddable":true,"href":"https:\/\/www.ci.ufpb.br\/lavid\/wp-json\/wp\/v2\/tags?post=1476"},{"taxonomy":"edital_type","embeddable":true,"href":"https:\/\/www.ci.ufpb.br\/lavid\/wp-json\/wp\/v2\/edital_type?post=1476"}],"curies":[{"name":"wp","href":"https:\/\/api.w.org\/{rel}","templated":true}]}}